{"id":1600,"date":"2016-11-15T00:02:03","date_gmt":"2016-11-15T00:02:03","guid":{"rendered":"http:\/\/www2.torrasrafi.com\/otros-productos\/"},"modified":"2020-06-23T10:51:25","modified_gmt":"2020-06-23T10:51:25","slug":"mes-productes","status":"publish","type":"page","link":"https:\/\/www.torrasrafi.com\/ca\/mes-productes\/","title":{"rendered":"M\u00c9S PRODUCTES M. TORRAS RAFI"},"content":{"rendered":"<p>[et_pb_section fb_built=&#8221;1&#8243; fullwidth=&#8221;on&#8221; _builder_version=&#8221;3.22&#8243;][et_pb_fullwidth_slider show_arrows=&#8221;off&#8221; show_pagination=&#8221;off&#8221; _builder_version=&#8221;3.16&#8243; background_position=&#8221;top_left&#8221; custom_padding=&#8221;|||&#8221; button_text_size__hover_enabled=&#8221;off&#8221; button_text_size__hover=&#8221;null&#8221; button_one_text_size__hover_enabled=&#8221;off&#8221; button_one_text_size__hover=&#8221;null&#8221; button_two_text_size__hover_enabled=&#8221;off&#8221; button_two_text_size__hover=&#8221;null&#8221; button_text_color__hover_enabled=&#8221;off&#8221; button_text_color__hover=&#8221;null&#8221; button_one_text_color__hover_enabled=&#8221;off&#8221; button_one_text_color__hover=&#8221;null&#8221; button_two_text_color__hover_enabled=&#8221;off&#8221; button_two_text_color__hover=&#8221;null&#8221; button_border_width__hover_enabled=&#8221;off&#8221; button_border_width__hover=&#8221;null&#8221; button_one_border_width__hover_enabled=&#8221;off&#8221; button_one_border_width__hover=&#8221;null&#8221; button_two_border_width__hover_enabled=&#8221;off&#8221; button_two_border_width__hover=&#8221;null&#8221; button_border_color__hover_enabled=&#8221;off&#8221; button_border_color__hover=&#8221;null&#8221; button_one_border_color__hover_enabled=&#8221;off&#8221; button_one_border_color__hover=&#8221;null&#8221; button_two_border_color__hover_enabled=&#8221;off&#8221; button_two_border_color__hover=&#8221;null&#8221; button_border_radius__hover_enabled=&#8221;off&#8221; button_border_radius__hover=&#8221;null&#8221; button_one_border_radius__hover_enabled=&#8221;off&#8221; button_one_border_radius__hover=&#8221;null&#8221; button_two_border_radius__hover_enabled=&#8221;off&#8221; button_two_border_radius__hover=&#8221;null&#8221; button_letter_spacing__hover_enabled=&#8221;off&#8221; button_letter_spacing__hover=&#8221;null&#8221; button_one_letter_spacing__hover_enabled=&#8221;off&#8221; button_one_letter_spacing__hover=&#8221;null&#8221; button_two_letter_spacing__hover_enabled=&#8221;off&#8221; button_two_letter_spacing__hover=&#8221;null&#8221; button_bg_color__hover_enabled=&#8221;off&#8221; button_bg_color__hover=&#8221;null&#8221; button_one_bg_color__hover_enabled=&#8221;off&#8221; button_one_bg_color__hover=&#8221;null&#8221; button_two_bg_color__hover_enabled=&#8221;off&#8221; button_two_bg_color__hover=&#8221;null&#8221;][et_pb_slide heading=&#8221;LLEGUMS. CEREALS. DIET\u00c8TICS. SUPERALIMENTS. ECOL\u00d2GICS&#8221; use_bg_overlay=&#8221;off&#8221; use_text_overlay=&#8221;off&#8221; _builder_version=&#8221;3.16&#8243; header_font=&#8221;|on|||&#8221; header_font_size=&#8221;36&#8243; body_font=&#8221;||||&#8221; body_font_size=&#8221;36&#8243; background_image=&#8221;http:\/\/www2.torrasrafi.com\/wp-content\/uploads\/2016\/11\/otros-productos-slide.jpg&#8221; background_position=&#8221;top_left&#8221; button_on_hover=&#8221;on&#8221; background_layout=&#8221;light&#8221; header_font_size_tablet=&#8221;38&#8243; header_font_size_phone=&#8221;20&#8243; header_font_size_last_edited=&#8221;on|phone&#8221; body_font_size_tablet=&#8221;36&#8243; body_font_size_phone=&#8221;36&#8243; button_text_size__hover_enabled=&#8221;off&#8221; button_one_text_size__hover_enabled=&#8221;off&#8221; button_two_text_size__hover_enabled=&#8221;off&#8221; button_text_color__hover_enabled=&#8221;off&#8221; button_one_text_color__hover_enabled=&#8221;off&#8221; button_two_text_color__hover_enabled=&#8221;off&#8221; button_border_width__hover_enabled=&#8221;off&#8221; button_one_border_width__hover_enabled=&#8221;off&#8221; button_two_border_width__hover_enabled=&#8221;off&#8221; button_border_color__hover_enabled=&#8221;off&#8221; button_one_border_color__hover_enabled=&#8221;off&#8221; button_two_border_color__hover_enabled=&#8221;off&#8221; button_border_radius__hover_enabled=&#8221;off&#8221; button_one_border_radius__hover_enabled=&#8221;off&#8221; button_two_border_radius__hover_enabled=&#8221;off&#8221; button_letter_spacing__hover_enabled=&#8221;off&#8221; button_one_letter_spacing__hover_enabled=&#8221;off&#8221; button_two_letter_spacing__hover_enabled=&#8221;off&#8221; button_bg_color__hover_enabled=&#8221;off&#8221; button_one_bg_color__hover_enabled=&#8221;off&#8221; button_two_bg_color__hover_enabled=&#8221;off&#8221;][\/et_pb_slide][\/et_pb_fullwidth_slider][\/et_pb_section][et_pb_section fb_built=&#8221;1&#8243; custom_padding_last_edited=&#8221;on|desktop&#8221; _builder_version=&#8221;3.22&#8243; background_color=&#8221;rgba(227,216,185,0.43)&#8221; custom_padding_tablet=&#8221;50px|0|50px|0&#8243; custom_padding_phone=&#8221;&#8221; transparent_background=&#8221;off&#8221; padding_mobile=&#8221;off&#8221;][et_pb_row padding_mobile=&#8221;off&#8221; column_padding_mobile=&#8221;on&#8221; _builder_version=&#8221;3.25&#8243; background_size=&#8221;initial&#8221; background_position=&#8221;top_left&#8221; background_repeat=&#8221;repeat&#8221; custom_margin=&#8221;-50px||-50px|&#8221;][et_pb_column type=&#8221;4_4&#8243; _builder_version=&#8221;3.25&#8243; custom_padding=&#8221;|||&#8221; custom_padding__hover=&#8221;|||&#8221;][et_pb_post_title meta=&#8221;off&#8221; featured_image=&#8221;off&#8221; admin_label=&#8221;OTROS FRUTOS SECOS&#8221; _builder_version=&#8221;3.15&#8243; title_text_color=&#8221;#b10135&#8243; title_font_size=&#8221;36px&#8221; title_all_caps=&#8221;off&#8221; background_color=&#8221;rgba(255,255,255,0)&#8221; parallax=&#8221;on&#8221; parallax_method=&#8221;off&#8221; border_color_all=&#8221;#ffffff&#8221; border_style_all=&#8221;solid&#8221; parallax_effect=&#8221;on&#8221; module_bg_color=&#8221;rgba(255,255,255,0)&#8221; use_border_color=&#8221;off&#8221; border_color=&#8221;#ffffff&#8221; border_style=&#8221;solid&#8221;][\/et_pb_post_title][\/et_pb_column][\/et_pb_row][\/et_pb_section][et_pb_section fb_built=&#8221;1&#8243; custom_padding_last_edited=&#8221;on|desktop&#8221; _builder_version=&#8221;3.22&#8243; background_color=&#8221;rgba(226,226,226,0)&#8221; custom_padding_tablet=&#8221;50px|0|50px|0&#8243; custom_padding_phone=&#8221;&#8221; transparent_background=&#8221;off&#8221; padding_mobile=&#8221;off&#8221;][et_pb_row padding_mobile=&#8221;off&#8221; column_padding_mobile=&#8221;on&#8221; _builder_version=&#8221;3.25&#8243; background_size=&#8221;initial&#8221; background_position=&#8221;top_left&#8221; background_repeat=&#8221;repeat&#8221; custom_margin=&#8221;-50px||-50px|&#8221;][et_pb_column type=&#8221;4_4&#8243; _builder_version=&#8221;3.25&#8243; custom_padding=&#8221;|||&#8221; custom_padding__hover=&#8221;|||&#8221;][et_pb_text _builder_version=&#8221;3.27.4&#8243; text_text_color=&#8221;#757575&#8243; background_size=&#8221;initial&#8221; background_position=&#8221;top_left&#8221; background_repeat=&#8221;repeat&#8221; module_alignment=&#8221;left&#8221; border_color_all=&#8221;#ffffff&#8221; use_border_color=&#8221;off&#8221; border_color=&#8221;#ffffff&#8221; border_style=&#8221;solid&#8221;]<\/p>\n<p>\nAmpliem l&#8217;oferta de fruits secs M. Torras Rafi amb la incorporaci\u00f3 de m\u00e9s l\u00ednies de productes, <strong>productes de proximitat<\/strong> que completem amb una selecta i acurada selecci\u00f3 de producte d&#8217;importaci\u00f3 dels cinc continents: llegums, cereals, diet\u00e8tics, ecol\u00f2gics i superaliments.<\/p>\n<p>[\/et_pb_text][\/et_pb_column][\/et_pb_row][\/et_pb_section][et_pb_section fb_built=&#8221;1&#8243; custom_padding_last_edited=&#8221;on|desktop&#8221; admin_label=&#8221;section&#8221; module_id=&#8221;llegums&#8221; _builder_version=&#8221;3.22&#8243; background_color=&#8221;rgba(227,216,185,0.43)&#8221; custom_padding_tablet=&#8221;50px|0|50px|0&#8243; custom_padding_phone=&#8221;&#8221;][et_pb_row admin_label=&#8221;row&#8221; _builder_version=&#8221;3.25&#8243; background_size=&#8221;initial&#8221; background_position=&#8221;top_left&#8221; background_repeat=&#8221;repeat&#8221; column_structure=&#8221;1_2,1_2&#8243;][et_pb_column type=&#8221;1_2&#8243; _builder_version=&#8221;3.25&#8243; custom_padding=&#8221;|||&#8221; custom_padding__hover=&#8221;|||&#8221;][et_pb_image src=&#8221;http:\/\/www2.torrasrafi.com\/wp-content\/uploads\/2016\/11\/torras-rafi-legumbres.jpg&#8221; align_tablet=&#8221;center&#8221; align_last_edited=&#8221;on|desktop&#8221; _builder_version=&#8221;3.23&#8243; custom_margin=&#8221;-50px||-50px|&#8221; custom_margin_tablet=&#8221;&#8221; custom_margin_phone=&#8221;&#8221; custom_margin_last_edited=&#8221;on|tablet&#8221; animation_style=&#8221;slide&#8221; animation_direction=&#8221;left&#8221; animation_duration=&#8221;500ms&#8221; animation_intensity_slide=&#8221;10%&#8221; use_border_color=&#8221;off&#8221; border_color=&#8221;#ffffff&#8221; border_style=&#8221;solid&#8221; animation=&#8221;left&#8221; sticky=&#8221;off&#8221;][\/et_pb_image][\/et_pb_column][et_pb_column type=&#8221;1_2&#8243; _builder_version=&#8221;3.25&#8243; custom_padding=&#8221;|||&#8221; custom_padding__hover=&#8221;|||&#8221;][et_pb_text _builder_version=&#8221;3.27.4&#8243; background_size=&#8221;initial&#8221; background_position=&#8221;top_left&#8221; background_repeat=&#8221;repeat&#8221; border_color_all=&#8221;#ffffff&#8221; use_border_color=&#8221;off&#8221; border_color=&#8221;#ffffff&#8221; border_style=&#8221;solid&#8221;]<\/p>\n<h1><span style=\"color: #af0737;\">LLEGUMS I CEREALS <\/span><\/h1>\n<p>Juntament amb els fruits secs, els llegums i cereals formen part de l&#8217;oferta original de M. Torras Rafi, sent <strong>pioners en la venda a granel de llegum<\/strong>. Cereals i llegums s\u00f3n part de l&#8217;oferta de M. Torras Rafi per una dieta variada i equilibrada dins un <strong>estil de vida saludable<\/strong>.<\/p>\n<p>[\/et_pb_text][et_pb_toggle title=&#8221;VEURE PRODUCTES&#8221; open_toggle_background_color=&#8221;rgba(255,255,255,0.27)&#8221; icon_color=&#8221;#af0737&#8243; _builder_version=&#8221;3.19&#8243; background_size=&#8221;initial&#8221; background_position=&#8221;top_left&#8221; background_repeat=&#8221;repeat&#8221; border_color_all=&#8221;#ffffff&#8221; use_border_color=&#8221;off&#8221; border_color=&#8221;#ffffff&#8221; border_style=&#8221;solid&#8221;]<\/p>\n<p><strong>Vols coneixer el producte i la seva informaci\u00f3 nutricional?<\/strong><br \/><a href=\"http:\/\/www.torrasrafi.com\/ca\/productes-i-el-seu-valor-nutricional\/\"><span style=\"color: #af0737;\">Fes clic aqu\u00ed.<\/span><\/a><\/p>\n<p><span style=\"color: #af0737;\"><strong>LLEGUMS<\/strong><\/span><\/p>\n<ul>\n<li>Blat de moro mote<\/li>\n<li>Cigrons Calif\u00f2rnia<\/li>\n<li>Cigrons pedrosillano<\/li>\n<li>Faves repelades crues<\/li>\n<li>Faves seques<\/li>\n<li>Fesols blancs<\/li>\n<li>Fesols negres<\/li>\n<li>Llenties caviar<\/li>\n<li>Llenties pardines<\/li>\n<li>llenties Salamanca<\/li>\n<li>Llenties vermelles pelades<\/li>\n<li>Mongetes canyella<\/li>\n<li>Mongetes fabada<\/li>\n<li>Mongetes ganxet<\/li>\n<li>Mongetes garrafa<\/li>\n<li>Mongetes Michigan<\/li>\n<li>Mongetes morades<\/li>\n<li>Mongetes pintes<\/li>\n<li>Mongetes planxades<\/li>\n<li>Mongetes pochas<\/li>\n<li>P\u00e8sols pelats<\/li>\n<li>S\u00e8mola de verdures<\/li>\n<li>Soja blanc<\/li>\n<li>Soja juliana<\/li>\n<li>Soja verda<\/li>\n<li><strong>Soja vermella<\/strong><\/li>\n<\/ul>\n<p><span style=\"color: #af0737;\"><strong>CEREALS<\/strong><\/span><\/p>\n<ul>\n<li>Arr\u00f2s basmanti<\/li>\n<li>Arr\u00f2s grasa extra badia<\/li>\n<li>Arr\u00f2s integral<\/li>\n<li>Arr\u00f2s integral biol\u00f2gic<\/li>\n<li>Arr\u00f2s llarg puntal<\/li>\n<li>Arr\u00f2s salvatge<\/li>\n<li>Arr\u00f2s semillarg<\/li>\n<li>Arr\u00f2s vaporitzat<\/li>\n<li>Blat sarra\u00ed<\/li>\n<li>Burgul blanc<\/li>\n<li>Burgul marr\u00f3<\/li>\n<li>Cous cous<\/li>\n<li>Farina d&#8217;arr\u00f2s<\/li>\n<li>Farina d&#8217;espelta ecol\u00f2gic<\/li>\n<li>Farina d&#8217;espelta integral ecol\u00f2gic<\/li>\n<li>Farina de blat de moro<\/li>\n<li>Farina de blat integral<\/li>\n<li>Farina de cigrons<\/li>\n<li>Farina de pa<\/li>\n<li>Farina de s\u00e8gol integral<\/li>\n<li>Farina hurac\u00e0<\/li>\n<li>Farina pizzarina<\/li>\n<li>F\u00e8cula de blat de moro<\/li>\n<li>F\u00e8cula de patata<\/li>\n<li>Fideus d&#8217;arr\u00f2s<\/li>\n<li>Fideus de soja xin\u00e8s<\/li>\n<li>Flocs d&#8217;ordi<\/li>\n<li>Flocs de blat<\/li>\n<li>Flocs de civada<\/li>\n<li>Germen de blat<\/li>\n<li>Gluten<\/li>\n<li>Hojuela de quinoa<\/li>\n<li>Quinoa ecol\u00f2gica<\/li>\n<li>Quinoa negra<\/li>\n<li>Quinoa vermella<\/li>\n<li>Salsa de soja<\/li>\n<li>Seg\u00f3 de blat<\/li>\n<li>Seg\u00f3 de civada<\/li>\n<li>S\u00e8mola de blat de moro<\/li>\n<li>S\u00e8mola fina<\/li>\n<li>S\u00e8sam blanc<\/li>\n<li>S\u00e8sam negre<\/li>\n<li>S\u00e8sam torrat<\/li>\n<li>Tahina<\/li>\n<\/ul>\n<p>[\/et_pb_toggle][\/et_pb_column][\/et_pb_row][\/et_pb_section][et_pb_section fb_built=&#8221;1&#8243; custom_padding_last_edited=&#8221;on|desktop&#8221; admin_label=&#8221;section&#8221; module_id=&#8221;dietetics&#8221; _builder_version=&#8221;3.22&#8243; background_color=&#8221;rgba(255,255,255,0.42)&#8221; custom_padding_tablet=&#8221;50px|0|50px|0&#8243; custom_padding_phone=&#8221;&#8221;][et_pb_row admin_label=&#8221;row&#8221; _builder_version=&#8221;3.25&#8243; background_size=&#8221;initial&#8221; background_position=&#8221;top_left&#8221; background_repeat=&#8221;repeat&#8221; column_structure=&#8221;1_2,1_2&#8243;][et_pb_column type=&#8221;1_2&#8243; _builder_version=&#8221;3.25&#8243; custom_padding=&#8221;|||&#8221; custom_padding__hover=&#8221;|||&#8221;][et_pb_image src=&#8221;http:\/\/www2.torrasrafi.com\/wp-content\/uploads\/2016\/11\/torras-rafi-dieteticos.jpg&#8221; align_tablet=&#8221;center&#8221; align_last_edited=&#8221;on|desktop&#8221; _builder_version=&#8221;3.23&#8243; custom_margin=&#8221;-50px||-50px|&#8221; custom_margin_tablet=&#8221;&#8221; custom_margin_phone=&#8221;&#8221; custom_margin_last_edited=&#8221;on|tablet&#8221; animation_style=&#8221;slide&#8221; animation_direction=&#8221;left&#8221; animation_duration=&#8221;500ms&#8221; animation_intensity_slide=&#8221;10%&#8221; use_border_color=&#8221;off&#8221; border_color=&#8221;#ffffff&#8221; border_style=&#8221;solid&#8221; animation=&#8221;left&#8221; sticky=&#8221;off&#8221;][\/et_pb_image][\/et_pb_column][et_pb_column type=&#8221;1_2&#8243; _builder_version=&#8221;3.25&#8243; custom_padding=&#8221;|||&#8221; custom_padding__hover=&#8221;|||&#8221;][et_pb_text _builder_version=&#8221;3.27.4&#8243; background_size=&#8221;initial&#8221; background_position=&#8221;top_left&#8221; background_repeat=&#8221;repeat&#8221; border_color_all=&#8221;#ffffff&#8221; use_border_color=&#8221;off&#8221; border_color=&#8221;#ffffff&#8221; border_style=&#8221;solid&#8221;]<\/p>\n<h1><span style=\"color: #af0737;\">DIET\u00c8TICS <\/span><\/h1>\n<p>M. Torras Rafi est\u00e0 a l&#8217;avantguarda de les tend\u00e8ncies de <strong>consum saludable<\/strong>. La nostra oferta inclou aliments diet\u00e8tics perqu\u00e8 avui s\u00f3n molts els consumidors preocupats per completar i enriquir la seva <strong>dieta saludable<\/strong> amb la incorporaci\u00f3 d&#8217;aquest tipus d\u2019aliments, alguns ja inclosos des de fa temps.<\/p>\n<p>[\/et_pb_text][et_pb_toggle title=&#8221;VEURE PRODUCTES&#8221; open_toggle_background_color=&#8221;rgba(255,255,255,0.27)&#8221; icon_color=&#8221;#af0737&#8243; _builder_version=&#8221;3.19&#8243; background_size=&#8221;initial&#8221; background_position=&#8221;top_left&#8221; background_repeat=&#8221;repeat&#8221; border_color_all=&#8221;#ffffff&#8221; use_border_color=&#8221;off&#8221; border_color=&#8221;#ffffff&#8221; border_style=&#8221;solid&#8221;]<\/p>\n<p><strong>Vols coneixer el producte i la seva informaci\u00f3 nutricional?<\/strong><br \/><a href=\"http:\/\/www.torrasrafi.com\/ca\/productes-i-el-seu-valor-nutricional\/\"><span style=\"color: #af0737;\">Fes clic aqu\u00ed.<\/span><\/a><\/p>\n<ul>\n<li>Amaranto<\/li>\n<li>Cacau en pols<\/li>\n<li>Gelea reial<\/li>\n<li>Lecitina de soja<\/li>\n<li>Llavors de chia<\/li>\n<li>Llavors de lli<\/li>\n<li>Llavors de mill pelades<\/li>\n<li>Llet d&#8217;ametlles<\/li>\n<li>Llet d&#8217;ametlles 0% sucre<\/li>\n<li>Llevat de cervesa<\/li>\n<li>Mel d&#8217;eucaliptus<\/li>\n<li>Mel de bruc<\/li>\n<li>Mel de castanyer<\/li>\n<li>Mel de farigola<\/li>\n<li>Mel de llimona<\/li>\n<li>Mel de mil flors<\/li>\n<li>Mel de roman\u00ed<\/li>\n<li>Mel de taronger<\/li>\n<li>Pol\u00b7len<\/li>\n<li>Prote\u00efnes de soja<\/li>\n<li>Sucre de canya<\/li>\n<\/ul>\n<p>[\/et_pb_toggle][\/et_pb_column][\/et_pb_row][\/et_pb_section][et_pb_section fb_built=&#8221;1&#8243; custom_padding_last_edited=&#8221;on|desktop&#8221; admin_label=&#8221;section&#8221; module_id=&#8221;superaliments&#8221; _builder_version=&#8221;3.22&#8243; background_color=&#8221;rgba(227,216,185,0.43)&#8221; custom_padding_tablet=&#8221;50px|0|50px|0&#8243; custom_padding_phone=&#8221;&#8221;][et_pb_row admin_label=&#8221;row&#8221; _builder_version=&#8221;3.25&#8243; background_size=&#8221;initial&#8221; background_position=&#8221;top_left&#8221; background_repeat=&#8221;repeat&#8221; column_structure=&#8221;1_2,1_2&#8243;][et_pb_column type=&#8221;1_2&#8243; _builder_version=&#8221;3.25&#8243; custom_padding=&#8221;|||&#8221; custom_padding__hover=&#8221;|||&#8221;][et_pb_image src=&#8221;http:\/\/www2.torrasrafi.com\/wp-content\/uploads\/2016\/11\/torras-rafi-superfood-1.jpg&#8221; align_tablet=&#8221;center&#8221; align_last_edited=&#8221;on|desktop&#8221; _builder_version=&#8221;3.23&#8243; custom_margin=&#8221;-50px||-50px|&#8221; custom_margin_tablet=&#8221;&#8221; custom_margin_phone=&#8221;&#8221; custom_margin_last_edited=&#8221;on|tablet&#8221; animation_style=&#8221;slide&#8221; animation_direction=&#8221;left&#8221; animation_duration=&#8221;500ms&#8221; animation_intensity_slide=&#8221;10%&#8221; use_border_color=&#8221;off&#8221; border_color=&#8221;#ffffff&#8221; border_style=&#8221;solid&#8221; animation=&#8221;left&#8221; sticky=&#8221;off&#8221;][\/et_pb_image][\/et_pb_column][et_pb_column type=&#8221;1_2&#8243; _builder_version=&#8221;3.25&#8243; custom_padding=&#8221;|||&#8221; custom_padding__hover=&#8221;|||&#8221;][et_pb_text _builder_version=&#8221;4.4.5&#8243; background_size=&#8221;initial&#8221; background_position=&#8221;top_left&#8221; background_repeat=&#8221;repeat&#8221; hover_enabled=&#8221;0&#8243; border_color_all=&#8221;#ffffff&#8221; use_border_color=&#8221;off&#8221; border_color=&#8221;#ffffff&#8221; border_style=&#8221;solid&#8221;]<\/p>\n<h1><span style=\"color: #af0737;\">SUPERALIMENTS <\/span><\/h1>\n<p>Sota la marca <strong>Superfood<\/strong> comercialitzem una exclusiva i selecta gamma de productes ecol\u00f2gics -els superaliments- que destaquen pel seu <strong>alt i ric potencial nutritiu<\/strong>, a m\u00e9s dels fruits secs i llegums, que tamb\u00e9 s\u00f3n grups d&#8217;aliments molt saludables i que formen part de la <strong>dieta mediterr\u00e0nia<\/strong> que no han de faltar mai a taula.<\/p>\n<p>[\/et_pb_text][et_pb_toggle title=&#8221;VEURE PRODUCTES&#8221; open_toggle_background_color=&#8221;rgba(255,255,255,0.27)&#8221; icon_color=&#8221;#af0737&#8243; _builder_version=&#8221;3.19&#8243; background_size=&#8221;initial&#8221; background_position=&#8221;top_left&#8221; background_repeat=&#8221;repeat&#8221; border_color_all=&#8221;#ffffff&#8221; use_border_color=&#8221;off&#8221; border_color=&#8221;#ffffff&#8221; border_style=&#8221;solid&#8221;]<\/p>\n<p><strong>Vols coneixer el producte i la seva informaci\u00f3 nutricional?<\/strong><br \/><a href=\"http:\/\/www.torrasrafi.com\/ca\/productes-i-el-seu-valor-nutricional\/\"><span style=\"color: #af0737;\">Fes<\/span><\/a><span style=\"color: #af0737;\"> clic aqu\u00ed<\/span><a href=\"http:\/\/www2.torrasrafi.com\/todos-los-productos-y-su-valor-nutricional\/\"><span style=\"color: #af0737;\">.<\/span><\/a><\/p>\n<ul>\n<li>Chlorella ecol\u00f2gica<\/li>\n<li>Espirulina ecol\u00f2gica<\/li>\n<li>Garrofa en pols ecol\u00f2gica<\/li>\n<li>Llavors de c\u00e0nem ecol\u00f2gic<\/li>\n<li>Maca en pols ecol\u00f2gica<\/li>\n<\/ul>\n<p>[\/et_pb_toggle][\/et_pb_column][\/et_pb_row][\/et_pb_section][et_pb_section fb_built=&#8221;1&#8243; custom_padding_last_edited=&#8221;on|desktop&#8221; admin_label=&#8221;section&#8221; module_id=&#8221;ecologics&#8221; _builder_version=&#8221;3.22&#8243; background_color=&#8221;rgba(255,255,255,0.24)&#8221; custom_padding_tablet=&#8221;50px|0|50px|0&#8243; custom_padding_phone=&#8221;&#8221;][et_pb_row admin_label=&#8221;row&#8221; _builder_version=&#8221;3.25&#8243; background_size=&#8221;initial&#8221; background_position=&#8221;top_left&#8221; background_repeat=&#8221;repeat&#8221; column_structure=&#8221;1_2,1_2&#8243;][et_pb_column type=&#8221;1_2&#8243; _builder_version=&#8221;3.25&#8243; custom_padding=&#8221;|||&#8221; custom_padding__hover=&#8221;|||&#8221;][et_pb_image src=&#8221;http:\/\/www2.torrasrafi.com\/wp-content\/uploads\/2016\/11\/torras-rafi-ecologicos.jpg&#8221; align_tablet=&#8221;center&#8221; align_last_edited=&#8221;on|desktop&#8221; _builder_version=&#8221;3.23&#8243; custom_margin=&#8221;-50px||-50px|&#8221; custom_margin_tablet=&#8221;&#8221; custom_margin_phone=&#8221;&#8221; custom_margin_last_edited=&#8221;on|tablet&#8221; animation_style=&#8221;slide&#8221; animation_direction=&#8221;left&#8221; animation_duration=&#8221;500ms&#8221; animation_intensity_slide=&#8221;10%&#8221; use_border_color=&#8221;off&#8221; border_color=&#8221;#ffffff&#8221; border_style=&#8221;solid&#8221; animation=&#8221;left&#8221; sticky=&#8221;off&#8221;][\/et_pb_image][\/et_pb_column][et_pb_column type=&#8221;1_2&#8243; _builder_version=&#8221;3.25&#8243; custom_padding=&#8221;|||&#8221; custom_padding__hover=&#8221;|||&#8221;][et_pb_text _builder_version=&#8221;3.27.4&#8243; background_size=&#8221;initial&#8221; background_position=&#8221;top_left&#8221; background_repeat=&#8221;repeat&#8221; border_color_all=&#8221;#ffffff&#8221; use_border_color=&#8221;off&#8221; border_color=&#8221;#ffffff&#8221; border_style=&#8221;solid&#8221;]<\/p>\n<h1><span style=\"color: #af0737;\">ECOL\u00d2GICS <\/span><\/h1>\n<p>Des de fa uns anys hi ha una tend\u00e8ncia de consumidors, sovint molt informats, a <strong>menjar m\u00e9s sa i millor<\/strong> on l&#8217;alimentaci\u00f3 ocupa un lloc alt en la seva escala de valors. Els productes ecol\u00f2gics M. Torras Rafi responen a aquesta tend\u00e8ncia de consum.<\/p>\n<p>[\/et_pb_text][et_pb_toggle title=&#8221;VEURE PRODUCTES&#8221; open_toggle_background_color=&#8221;rgba(255,255,255,0.27)&#8221; icon_color=&#8221;#af0737&#8243; _builder_version=&#8221;3.19&#8243; background_size=&#8221;initial&#8221; background_position=&#8221;top_left&#8221; background_repeat=&#8221;repeat&#8221; border_color_all=&#8221;#ffffff&#8221; use_border_color=&#8221;off&#8221; border_color=&#8221;#ffffff&#8221; border_style=&#8221;solid&#8221;]<\/p>\n<p><strong>Vols coneixer el producte i la seva informaci\u00f3 nutricional?<\/strong><br \/><a href=\"http:\/\/www.torrasrafi.com\/ca\/productes-i-el-seu-valor-nutricional\/\"><span style=\"color: #af0737;\">Fes clic aqu\u00ed.<\/span><\/a><\/p>\n<ul>\n<li>Ametlles com\u00fa amb pell<\/li>\n<li>Arr\u00f2s integral biol\u00f2gic<\/li>\n<li>Avellanes en gra<\/li>\n<li>Farina d&#8217;espelta ecol\u00f2gica<\/li>\n<li>Farina d&#8217;espelta integral ecol\u00f2gica<\/li>\n<li>Quinoa ecol\u00f2gica<\/li>\n<li>Sucre de canya<\/li>\n<\/ul>\n<p>[\/et_pb_toggle][\/et_pb_column][\/et_pb_row][\/et_pb_section][et_pb_section fb_built=&#8221;1&#8243; custom_padding_last_edited=&#8221;on|desktop&#8221; _builder_version=&#8221;3.22&#8243; background_color=&#8221;#000000&#8243; custom_padding=&#8221;50px||50px|&#8221; custom_padding_tablet=&#8221;50px|0|50px|0&#8243; custom_padding_phone=&#8221;&#8221; transparent_background=&#8221;off&#8221; padding_mobile=&#8221;off&#8221; make_fullwidth=&#8221;off&#8221; use_custom_width=&#8221;off&#8221; width_unit=&#8221;on&#8221;][et_pb_row padding_mobile=&#8221;off&#8221; column_padding_mobile=&#8221;on&#8221; _builder_version=&#8221;3.25&#8243; background_size=&#8221;initial&#8221; background_position=&#8221;top_left&#8221; background_repeat=&#8221;repeat&#8221; custom_margin=&#8221;-40px|||&#8221; make_fullwidth=&#8221;off&#8221; use_custom_width=&#8221;off&#8221; width_unit=&#8221;on&#8221; column_structure=&#8221;1_4,1_4,1_4,1_4&#8243;][et_pb_column type=&#8221;1_4&#8243; _builder_version=&#8221;3.25&#8243; custom_padding=&#8221;|||&#8221; custom_padding__hover=&#8221;|||&#8221;][et_pb_text _builder_version=&#8221;3.27.4&#8243; text_font_size=&#8221;12&#8243; text_line_height=&#8221;1.4em&#8221; header_font_size=&#8221;13px&#8221; background_size=&#8221;initial&#8221; background_position=&#8221;top_left&#8221; background_repeat=&#8221;repeat&#8221; background_layout=&#8221;dark&#8221; border_color_all=&#8221;#ffffff&#8221; use_border_color=&#8221;off&#8221; border_color=&#8221;#ffffff&#8221; border_style=&#8221;solid&#8221;]<\/p>\n<p>\n<strong>M\u00aa TERESA LLAURAD\u00d3 ROD\u00c9S<\/strong> <strong><br \/>Succesors de M. TORRAS RAFI<\/strong><\/p>\n<p>MERCABARNA:<br \/>Pavell\u00f3 B 2048<br \/>08040 BARCELONA<br \/>Tel. 93 335 43 89<br \/>info@torrasrafi.com<\/p>\n<p>CENTRE D&#8217;ELABORACI\u00d3:<br \/>C\/ de les Moreres, 6-8<br \/>08820 El Prat del Llobregat<br \/>BARCELONA<br \/>Tel. 93 379 93 60<br \/>info@torrasrafi.com<\/p>\n<p>[\/et_pb_text][\/et_pb_column][et_pb_column type=&#8221;1_4&#8243; _builder_version=&#8221;3.25&#8243; custom_padding=&#8221;|||&#8221; custom_padding__hover=&#8221;|||&#8221;][et_pb_text _builder_version=&#8221;3.27.4&#8243; text_font_size=&#8221;16px&#8221; background_layout=&#8221;dark&#8221;]<\/p>\n<p style=\"text-align: left;\">SEGUEIX-NOS:<\/p>\n<p>[\/et_pb_text][et_pb_text _builder_version=&#8221;3.27.4&#8243; custom_margin=&#8221;-20px|||&#8221;]<\/p>\n<div class=\"et_social_networks et_social_1col et_social_slide et_social_circle et_social_left et_social_shortcode_0 et_social_mobile_on et_social_withnetworknames et_social_outer_light\">\n\t\t\t\t\t<style type=\"text\/css\">.et_monarch .et_social_shortcode_0 li,.et_monarch .et_social_shortcode_0.et_social_circle ul li i.et_social_icon { background: #af0737; } .et_monarch .et_social_shortcode_0.et_social_rounded .et_social_icons_container li:hover, .et_monarch .et_social_shortcode_0.et_social_rectangle .et_social_icons_container li:hover, .et_monarch .et_social_shortcode_0.et_social_circle .et_social_icons_container li:hover i.et_social_icon { background: #ffa8a8 !important; } .et_monarch .et_social_shortcode_0 .et_social_icon, .et_monarch .et_social_shortcode_0 .et_social_networks .et_social_network_label, .et_monarch .et_social_shortcode_0 .et_social_networkname, .et_monarch .et_social_shortcode_0 .et_social_count { color: #ffffff !important; } .et_monarch .et_social_shortcode_0 .et_social_icons_container li:hover .et_social_icon, .et_monarch .et_social_shortcode_0 .et_social_networks .et_social_icons_container li:hover .et_social_network_label, .et_monarch .et_social_shortcode_0 .et_social_icons_container li:hover .et_social_networkname, .et_monarch .et_social_rounded.et_social_shortcode_0 .et_social_icons_container li:hover .et_social_count, .et_monarch .et_social_rectangle.et_social_shortcode_0 .et_social_icons_container li:hover .et_social_count { color: #af0737 !important; }<\/style>\n\t\t\t\t\t\n\t\t\t\t\t<ul class=\"et_social_icons_container\"><li class=\"et_social_facebook\">\n\t\t\t\t\t\t<a href=\"https:\/\/www.facebook.com\/Torrasrafi-103106404678695\/\" class=\"et_social_follow\" data-social_name=\"facebook\" data-social_type=\"follow\" data-post_id=\"0\" target=\"_blank\">\n\t\t\t\t\t\t\t<i class=\"et_social_icon et_social_icon_facebook\"><\/i>\n\t\t\t\t\t\t\t<div class=\"et_social_network_label\"><div class=\"et_social_networkname\">Facebook<\/div><\/div>\n\t\t\t\t\t\t\t<span class=\"et_social_overlay\"><\/span>\n\t\t\t\t\t\t<\/a>\n\t\t\t\t\t<\/li><li class=\"et_social_instagram\">\n\t\t\t\t\t\t<a href=\"https:\/\/www.instagram.com\/torrasrafi\/\" class=\"et_social_follow\" data-social_name=\"instagram\" data-social_type=\"follow\" data-post_id=\"0\" target=\"_blank\">\n\t\t\t\t\t\t\t<i class=\"et_social_icon et_social_icon_instagram\"><\/i>\n\t\t\t\t\t\t\t<div class=\"et_social_network_label\"><div class=\"et_social_networkname\">Instagram<\/div><\/div>\n\t\t\t\t\t\t\t<span class=\"et_social_overlay\"><\/span>\n\t\t\t\t\t\t<\/a>\n\t\t\t\t\t<\/li><\/ul>\n\t\t\t\t<\/div>\n<p>[\/et_pb_text][\/et_pb_column][et_pb_column type=&#8221;1_4&#8243; _builder_version=&#8221;3.25&#8243; custom_padding=&#8221;|||&#8221; custom_padding__hover=&#8221;|||&#8221;][et_pb_image src=&#8221;http:\/\/www2.torrasrafi.com\/wp-content\/uploads\/2018\/10\/nuestros-frutos-secos-footer-cat.jpg&#8221; alt=&#8221;Propiedades organolepticas de los frutos secos&#8221; title_text=&#8221;Frutos secos y sus propiedades&#8221; url=&#8221;http:\/\/www.torrasrafi.com\/ca\/productes-i-el-seu-valor-nutricional\/&#8221; use_overlay=&#8221;on&#8221; overlay_icon_color=&#8221;#ffffff&#8221; hover_overlay_color=&#8221;rgba(255,255,255,0)&#8221; hover_icon=&#8221;%%47%%&#8221; align_tablet=&#8221;center&#8221; align_last_edited=&#8221;on|desktop&#8221; _builder_version=&#8221;3.23&#8243; animation_style=&#8221;fade&#8221; animation_duration=&#8221;500ms&#8221; border_color_all=&#8221;#ffffff&#8221; use_border_color=&#8221;off&#8221; border_color=&#8221;#ffffff&#8221; border_style=&#8221;solid&#8221; animation=&#8221;fade_in&#8221; sticky=&#8221;off&#8221;][\/et_pb_image][\/et_pb_column][et_pb_column type=&#8221;1_4&#8243; _builder_version=&#8221;3.25&#8243; custom_padding=&#8221;|||&#8221; custom_padding__hover=&#8221;|||&#8221;][et_pb_text _builder_version=&#8221;3.27.4&#8243; background_size=&#8221;initial&#8221; background_position=&#8221;top_left&#8221; background_repeat=&#8221;repeat&#8221; custom_margin=&#8221;||-50px|&#8221; use_border_color=&#8221;off&#8221; border_color=&#8221;#ffffff&#8221; border_style=&#8221;solid&#8221;]<\/p>\n<p>\n<span style=\"color: #ffffff;\"><strong>LOCALITZACI\u00d3 MERCABARNA<\/strong><\/span> <iframe loading=\"lazy\" style=\"border: 0;\" src=\"https:\/\/www.google.com\/maps\/embed?pb=!1m18!1m12!1m3!1d2996.0734859597273!2d2.1143456154239684!3d41.3290153792696!2m3!1f0!2f0!3f0!3m2!1i1024!2i768!4f13.1!3m3!1m2!1s0x0%3A0xf1907c3027ac5172!2sFrutos+secos+-+TORRAS+RAFI!5e0!3m2!1ses-419!2sus!4v1487326099536\" width=\"400\" height=\"300\" frameborder=\"0\" allowfullscreen=\"allowfullscreen\"><\/iframe><\/p>\n<p>[\/et_pb_text][\/et_pb_column][\/et_pb_row][\/et_pb_section]<\/p>\n","protected":false},"excerpt":{"rendered":"<p>Ampliem l&#8217;oferta de fruits secs M. Torras Rafi amb la incorporaci\u00f3 de m\u00e9s l\u00ednies de productes, productes de proximitat que completem amb una selecta i acurada selecci\u00f3 de producte d&#8217;importaci\u00f3 dels cinc continents: llegums, cereals, diet\u00e8tics, ecol\u00f2gics i superaliments. LLEGUMS I CEREALS Juntament amb els fruits secs, els llegums i cereals formen part de l&#8217;oferta [&hellip;]<\/p>\n","protected":false},"author":3,"featured_media":0,"parent":0,"menu_order":0,"comment_status":"closed","ping_status":"closed","template":"","meta":{"_et_pb_use_builder":"on","_et_pb_old_content":"","_et_gb_content_width":"","footnotes":""},"class_list":["post-1600","page","type-page","status-publish","hentry"],"_links":{"self":[{"href":"https:\/\/www.torrasrafi.com\/ca\/wp-json\/wp\/v2\/pages\/1600","targetHints":{"allow":["GET"]}}],"collection":[{"href":"https:\/\/www.torrasrafi.com\/ca\/wp-json\/wp\/v2\/pages"}],"about":[{"href":"https:\/\/www.torrasrafi.com\/ca\/wp-json\/wp\/v2\/types\/page"}],"author":[{"embeddable":true,"href":"https:\/\/www.torrasrafi.com\/ca\/wp-json\/wp\/v2\/users\/3"}],"replies":[{"embeddable":true,"href":"https:\/\/www.torrasrafi.com\/ca\/wp-json\/wp\/v2\/comments?post=1600"}],"version-history":[{"count":0,"href":"https:\/\/www.torrasrafi.com\/ca\/wp-json\/wp\/v2\/pages\/1600\/revisions"}],"wp:attachment":[{"href":"https:\/\/www.torrasrafi.com\/ca\/wp-json\/wp\/v2\/media?parent=1600"}],"curies":[{"name":"wp","href":"https:\/\/api.w.org\/{rel}","templated":true}]}}